{"id":1170,"date":"2022-10-19T02:25:37","date_gmt":"2022-10-19T00:25:37","guid":{"rendered":"http:\/\/a-g-r.es\/?page_id=1170"},"modified":"2022-11-24T21:37:54","modified_gmt":"2022-11-24T20:37:54","slug":"politicas-de-privacidad","status":"publish","type":"page","link":"https:\/\/a-g-r.es\/fr\/politicas-de-privacidad\/","title":{"rendered":"Politique de Confidentialit\u00e9"},"content":{"rendered":"<div data-elementor-type=\"wp-page\" data-elementor-id=\"1170\" class=\"elementor elementor-1170\" data-elementor-post-type=\"page\">\n\t\t\t\t\t\t<section class=\"elementor-section elementor-top-section elementor-element elementor-element-4fd8234 elementor-section-full_width elementor-section-content-middle elementor-section-height-default elementor-section-height-default\" data-id=\"4fd8234\" data-element_type=\"section\" data-e-type=\"section\" data-settings=\"{&quot;background_background&quot;:&quot;classic&quot;}\">\n\t\t\t\t\t\t\t<div class=\"elementor-background-overlay\"><\/div>\n\t\t\t\t\t\t\t<div class=\"elementor-container elementor-column-gap-default\">\n\t\t\t\t\t<div class=\"elementor-column elementor-col-100 elementor-top-column elementor-element elementor-element-ba542bf\" data-id=\"ba542bf\" data-element_type=\"column\" data-e-type=\"column\">\n\t\t\t<div class=\"elementor-widget-wrap elementor-element-populated\">\n\t\t\t\t\t\t<div class=\"elementor-element elementor-element-59a7115 elementor-widget elementor-widget-heading\" data-id=\"59a7115\" data-element_type=\"widget\" data-e-type=\"widget\" data-widget_type=\"heading.default\">\n\t\t\t\t\t<h2 class=\"elementor-heading-title elementor-size-default\">Politique de Confidentialit\u00e9<\/h2>\t\t\t\t<\/div>\n\t\t\t\t\t<\/div>\n\t\t<\/div>\n\t\t\t\t\t<\/div>\n\t\t<\/section>\n\t\t\t\t<section class=\"elementor-section elementor-top-section elementor-element elementor-element-8131bf4 elementor-section-full_width elementor-section-content-middle elementor-section-height-default elementor-section-height-default\" data-id=\"8131bf4\" data-element_type=\"section\" data-e-type=\"section\">\n\t\t\t\t\t\t<div class=\"elementor-container elementor-column-gap-default\">\n\t\t\t\t\t<div class=\"elementor-column elementor-col-100 elementor-top-column elementor-element elementor-element-4ce7b74\" data-id=\"4ce7b74\" data-element_type=\"column\" data-e-type=\"column\">\n\t\t\t<div class=\"elementor-widget-wrap elementor-element-populated\">\n\t\t\t\t\t\t<div class=\"elementor-element elementor-element-cd7ef3a elementor-widget elementor-widget-text-editor\" data-id=\"cd7ef3a\" data-element_type=\"widget\" data-e-type=\"widget\" data-widget_type=\"text-editor.default\">\n\t\t\t\t\t\t\t\t\t<p>Le propri\u00e9taire vous informe de sa politique de confidentialit\u00e9 concernant le traitement et la protection des donn\u00e9es personnelles des utilisateurs qui peuvent \u00eatre collect\u00e9es lors de la navigation sur le site Web:<\/p><p><a href=\"\/fr\/\">AGR<\/a><\/p><p>En ce sens, le propri\u00e9taire garantit le respect de la r\u00e9glementation en vigueur sur la protection des donn\u00e9es personnelles, refl\u00e9t\u00e9e dans la loi organique 3\/2018, du 5 d\u00e9cembre, sur la protection des donn\u00e9es personnelles et la garantie des droits num\u00e9riques (LOPD GDD). Il est \u00e9galement conforme au r\u00e8glement (UE) 2016\/679 du Parlement europ\u00e9en et du Conseil du 27 avril 2016 relatif \u00e0 la protection des personnes physiques (RGPD).<\/p><p>L\u2019utilisation du site Web implique l\u2019acceptation de cette politique de confidentialit\u00e9 ainsi que des conditions incluses dans les mentions l\u00e9gales.<\/p><p><strong>Identit\u00e9 du Responsable<\/strong><\/p><p>Responsable: A.G.R., S.A.<br \/>NIF: A33811399<br \/>Adresse: Pol\u00edgono de Logrezana 33439 Carre\u00f1o ASTURIAS<br \/>Correo electr\u00f3nico: <a href=\"mailto:trafo@a-g-r.es\" target=\"_blank\" rel=\"noopener\">trafo@a-g-r.es<\/a><br \/>Sitio Web: <a href=\"https:\/\/a-g-r.es\/fr\/\" target=\"_blank\" rel=\"noopener\" data-saferedirecturl=\"https:\/\/www.google.com\/url?q=http:\/\/www.a-g-r.es&amp;source=gmail&amp;ust=1669176596112000&amp;usg=AOvVaw0WV2AdGUeGLxcb5bkxAGzG\">www.a-g-r.es<\/a><\/p><p><strong>Principes appliqu\u00e9s dans le traitement des donn\u00e9es<\/strong><\/p><p>Dans le traitement de vos donn\u00e9es personnelles, le propri\u00e9taire appliquera les principes suivants qui sont conformes aux exigences du nouveau r\u00e8glement europ\u00e9en sur la protection des donn\u00e9es (RGPD):<\/p><p>Principe de l\u00e9galit\u00e9, de loyaut\u00e9 et de transparence: Le propri\u00e9taire aura toujours besoin du consentement pour le traitement des donn\u00e9es personnelles qui peuvent \u00eatre \u00e0 une ou plusieurs fins sp\u00e9cifiques dont le propri\u00e9taire informera l\u2019utilisateur \u00e0 l\u2019avance avec une transparence absolue.<\/p><p>Principe de minimisation des donn\u00e9es: Le propri\u00e9taire ne demandera que les donn\u00e9es strictement n\u00e9cessaires \u00e0 la finalit\u00e9 ou aux fins demand\u00e9es.<\/p><p>Principe de limitation de la p\u00e9riode de conservation: Le propri\u00e9taire conservera les donn\u00e9es personnelles collect\u00e9es pendant le temps strictement n\u00e9cessaire \u00e0 la finalit\u00e9 ou aux finalit\u00e9s du traitement. Le propri\u00e9taire informera l\u2019utilisateur de la p\u00e9riode de conservation correspondante en fonction de l\u2019objectif.<\/p><p>Dans le cas des abonnements, le propri\u00e9taire examinera p\u00e9riodiquement les listes et supprimera les enregistrements inactifs pendant une p\u00e9riode consid\u00e9rable.<\/p><p>Principe d\u2019int\u00e9grit\u00e9 et de confidentialit\u00e9: Les donn\u00e9es personnelles collect\u00e9es seront trait\u00e9es de mani\u00e8re \u00e0 garantir leur s\u00e9curit\u00e9, leur confidentialit\u00e9 et leur int\u00e9grit\u00e9.<\/p><p>Le propri\u00e9taire prend les pr\u00e9cautions n\u00e9cessaires pour emp\u00eacher l\u2019acc\u00e8s non autoris\u00e9 ou l\u2019utilisation abusive des donn\u00e9es de ses utilisateurs par des tiers.<\/p><p><strong>Collecte de donn\u00e9es personnelles<\/strong><\/p><p>Pour naviguer sur le site, il n\u2019est pas n\u00e9cessaire de fournir des donn\u00e9es personnelles.<\/p><p><strong>Droits<\/strong><\/p><p>Le propri\u00e9taire vous informe que sur vos donn\u00e9es personnelles, vous avez le droit de:<\/p><ul><li>Demander l\u2019acc\u00e8s aux donn\u00e9es stock\u00e9es.<\/li><li>Demander une rectification ou une annulation.<\/li><li>Demandez la limitation de votre traitement.<\/li><li>S\u2019opposer au traitement.<\/li><li>Vous ne pouvez pas exercer le droit \u00e0 la portabilit\u00e9 des donn\u00e9es.<\/li><\/ul><p>\u00a0<\/p><p>L\u2019exercice de ces droits est personnel et doit donc \u00eatre exerc\u00e9 directement par l\u2019int\u00e9ress\u00e9, en le demandant directement au propri\u00e9taire, ce qui signifie que tout client, abonn\u00e9 ou collaborateur qui a fourni ses donn\u00e9es \u00e0 tout moment, peut contacter le propri\u00e9taire et demander des informations sur les donn\u00e9es qu\u2019il a stock\u00e9es et comment il les a obtenues,  demander la rectification de la m\u00eame, s\u2019opposer au traitement, limiter son utilisation ou demander l\u2019annulation de ces donn\u00e9es dans les fichiers du propri\u00e9taire.<\/p><p>Para ejercitar sus derechos tiene que enviar su petici\u00f3n junto con una fotocopia del Documento Nacional de Identidad o equivalente a la direcci\u00f3n de correo electr\u00f3nico <a href=\"mailto:trafo@a-g-r.es\" target=\"_blank\" rel=\"noopener\">trafo@a-g-r.es<\/a>.<\/p><p>L\u2019exercice de ces droits n\u2019inclut pas les donn\u00e9es que le propri\u00e9taire est tenu de conserver \u00e0 des fins administratives, juridiques ou de s\u00e9curit\u00e9.<\/p><p>Vous avez droit \u00e0 une protection juridictionnelle effective et \u00e0 d\u00e9poser une r\u00e9clamation aupr\u00e8s de l\u2019autorit\u00e9 de contr\u00f4le, dans ce cas, l\u2019Agence espagnole de protection des donn\u00e9es, si vous consid\u00e9rez que le traitement des donn\u00e9es personnelles vous concernant enfreint le R\u00e8glement.<\/p><p><strong>Finalit\u00e9 du traitement des donn\u00e9es personnelles<\/strong><\/p><p>Cuando usted se conecta al Sitio Web para mandar un correo al Titular, se suscribe a su bolet\u00edn est\u00e1 facilitando informaci\u00f3n de car\u00e1cter personal de la que el responsable es el Titular. Esta informaci\u00f3n puede incluir datos de car\u00e1cter personal como pueden ser su direcci\u00f3n IP, nombre y apellidos, direcci\u00f3n f\u00edsica, direcci\u00f3n de correo electr\u00f3nico, n\u00famero de tel\u00e9fono, y otra informaci\u00f3n. Al facilitar esta informaci\u00f3n, da su consentimiento para que su informaci\u00f3n sea recopilada, utilizada, gestionada y almacenada por A.G.R., S.A. \u2014 s\u00f3lo como se describe en las p\u00e1ginas:<\/p><p><strong>Mentions l\u00e9gales<\/strong><\/p><p><strong>Politique de confidentialit\u00e9<\/strong><\/p><p>Les donn\u00e9es personnelles et le but du traitement par le propri\u00e9taire sont diff\u00e9rents selon le syst\u00e8me de capture d\u2019informations:<\/p><p>Il existe d\u2019autres finalit\u00e9s pour lesquelles le propri\u00e9taire traite les donn\u00e9es personnelles:<\/p><p>Pour assurer le respect des conditions contenues dans la page Mentions l\u00e9gales et de la loi applicable. Cela peut inclure le d\u00e9veloppement d\u2019outils et d\u2019algorithmes qui aident le site Web \u00e0 assurer la confidentialit\u00e9 des donn\u00e9es personnelles qu\u2019il collecte.<\/p><p>Pour soutenir et am\u00e9liorer les services offerts par ce site Web.<\/p><p>Pour analyser la navigation utilisateur. Le propri\u00e9taire recueille d\u2019autres donn\u00e9es non identifiables obtenues gr\u00e2ce \u00e0 l\u2019utilisation de cookies t\u00e9l\u00e9charg\u00e9s sur l\u2019ordinateur de l\u2019utilisateur lors de la navigation sur le site Web dont les caract\u00e9ristiques et le but sont d\u00e9taill\u00e9s sur la page Politique de cookies.<\/p><p><strong>S\u00e9curit\u00e9 des donn\u00e9es personnelles<\/strong><\/p><p>Pour prot\u00e9ger vos donn\u00e9es personnelles, le propri\u00e9taire prend toutes les pr\u00e9cautions raisonnables et suit les meilleures pratiques de l\u2019industrie pour emp\u00eacher leur perte, leur mauvaise utilisation, leur acc\u00e8s inappropri\u00e9, leur divulgation, leur alt\u00e9ration ou leur destruction.<\/p><p>Vos donn\u00e9es peuvent \u00eatre incorpor\u00e9es dans un fichier de liste de diffusion, dont le propri\u00e9taire est responsable de sa gestion et de son traitement. La s\u00e9curit\u00e9 de vos donn\u00e9es est garantie, car le propri\u00e9taire prend toutes les mesures de s\u00e9curit\u00e9 n\u00e9cessaires et garantit que les donn\u00e9es personnelles ne seront utilis\u00e9es qu\u2019aux fins indiqu\u00e9es.<\/p><p>Le propri\u00e9taire informe l\u2019utilisateur que ses donn\u00e9es personnelles ne seront pas transf\u00e9r\u00e9es \u00e0 des organisations tierces, \u00e0 l\u2019exception qu\u2019un tel transfert de donn\u00e9es est couvert par une obligation l\u00e9gale ou lorsque la fourniture d\u2019un service implique la n\u00e9cessit\u00e9 d\u2019une relation contractuelle avec un processeur de donn\u00e9es. Dans ce dernier cas, le transfert de donn\u00e9es au tiers ne sera effectu\u00e9 que lorsque le propri\u00e9taire a le consentement expr\u00e8s de l\u2019utilisateur.<\/p><p>Cependant, dans certains cas, des collaborations peuvent \u00eatre faites avec d\u2019autres professionnels, dans ces cas, le consentement de l\u2019utilisateur sera requis pour informer sur l\u2019identit\u00e9 du collaborateur et le but de la collaboration. Il sera toujours r\u00e9alis\u00e9 avec les normes de s\u00e9curit\u00e9 les plus strictes.<\/p><p><strong>Contenu d\u2019autres sites Web<\/strong><\/p><p>Les pages de ce site Web peuvent inclure du contenu int\u00e9gr\u00e9 (par exemple, des vid\u00e9os, des images, des articles, etc.). Le contenu int\u00e9gr\u00e9 d\u2019autres sites Web se comporte exactement de la m\u00eame mani\u00e8re que si vous aviez visit\u00e9 l\u2019autre site Web.<\/p><p>Ces sites Web peuvent collecter des donn\u00e9es vous concernant, utiliser des cookies, int\u00e9grer un code de suivi tiers suppl\u00e9mentaire et surveiller votre interaction \u00e0 l\u2019aide de ce code.<\/p><p><strong>Politique de cookies<\/strong><\/p><p>Pour que ce site Web fonctionne correctement, vous devez utiliser des cookies, qui sont des informations stock\u00e9es dans votre navigateur Web.<\/p><p>Vous pouvez consulter toutes les informations relatives \u00e0 la politique de collecte et de traitement des cookies sur la page Politique de cookies.<\/p><p><strong>L\u00e9gitimation pour le traitement des donn\u00e9es<\/strong><\/p><p>La base juridique pour le traitement de vos donn\u00e9es est :<\/p><ul><li>Le consentement de l\u2019int\u00e9ress\u00e9.<\/li><li>Categor\u00edas de datos personales.<\/li><li>Les cat\u00e9gories de donn\u00e9es personnelles trait\u00e9es par le propri\u00e9taire sont:<\/li><\/ul><ol><li>Datos identificativos.<\/li><li>No se tratan categor\u00edas de datos especialmente protegidos.<\/li><li>Conservaci\u00f3n de datos personales.<\/li><li>Los datos personales proporcionados al Titular se conservar\u00e1n hasta que solicite su supresi\u00f3n.<\/li><\/ol><p>\u00a0<\/p><p><strong>Navegaci\u00f3n Web<\/strong><\/p><p>Al navegar por el Sitio Web se pueden recoger datos no identificativos, que pueden incluir, la direcci\u00f3n IP, geolocalizaci\u00f3n, un registro de c\u00f3mo se utilizan los servicios y sitios, h\u00e1bitos de navegaci\u00f3n y otros datos que no pueden ser utilizados para identificarle.<\/p><p>Le site Web utilise les services d\u2019analyse tiers suivants :<\/p><p>Le propri\u00e9taire utilise les informations obtenues pour obtenir des donn\u00e9es statistiques, analyser les tendances, administrer le site, \u00e9tudier les mod\u00e8les de navigation et recueillir des informations d\u00e9mographiques.<\/p><p>Le propri\u00e9taire n\u2019est pas responsable du traitement des donn\u00e9es personnelles effectu\u00e9es par les pages Web accessibles via les diff\u00e9rents liens contenus dans le site Web.<\/p><p><strong>Exactitud y veracidad de los datos personales<\/strong><\/p><p>Usted se compromete a que los datos facilitados al Titular sean correctos, completos, exactos y vigentes, as\u00ed como a mantenerlos debidamente actualizados.<\/p><p>En tant qu\u2019utilisateur du site Web, vous \u00eates seul responsable de la v\u00e9racit\u00e9 et de l\u2019exactitude des donn\u00e9es envoy\u00e9es au site Web, exon\u00e9rant le propri\u00e9taire de toute responsabilit\u00e9 \u00e0 cet \u00e9gard.<\/p><p><strong>Aceptaci\u00f3n y consentimiento<\/strong><\/p><p>Como Usuario del Sitio Web declara haber sido informado de las condiciones sobre protecci\u00f3n de datos de car\u00e1cter personal, acepta y consiente el tratamiento de los mismos por parte del Titular en la forma y para las finalidades indicadas en esta Pol\u00edtica de Privacidad.<\/p><p>Pour contacter le propri\u00e9taire, vous abonner \u00e0 une newsletter ou faire des commentaires sur ce site, vous devez accepter cette politique de confidentialit\u00e9.<\/p><p><strong>Cambios en la Pol\u00edtica de Privacidad<\/strong><\/p><p>El Titular se reserva el derecho a modificar la presente Pol\u00edtica de Privacidad para adaptarla a novedades legislativas o jurisprudenciales, as\u00ed como a pr\u00e1cticas de la industria.<\/p><p>Ces politiques seront en vigueur jusqu\u2019\u00e0 ce qu\u2019elles soient modifi\u00e9es par d\u2019autres d\u00fbment publi\u00e9es.<\/p>\t\t\t\t\t\t\t\t<\/div>\n\t\t\t\t\t<\/div>\n\t\t<\/div>\n\t\t\t\t\t<\/div>\n\t\t<\/section>\n\t\t\t\t<\/div>","protected":false},"excerpt":{"rendered":"<p>El Titular le informa sobre su Pol\u00edtica de Privacidad respecto del tratamiento y protecci\u00f3n de los datos de car\u00e1cter personal de los usuarios que puedan ser recabados durante la navegaci\u00f3n a trav\u00e9s del Sitio Web: AGR En este sentido, el Titular garantiza el cumplimiento de la normativa vigente en materia de protecci\u00f3n de datos personales, [&hellip;]<\/p>\n","protected":false},"author":3,"featured_media":1225,"parent":0,"menu_order":7,"comment_status":"closed","ping_status":"closed","template":"elementor_header_footer","meta":{"footnotes":""},"class_list":["post-1170","page","type-page","status-publish","has-post-thumbnail","hentry"],"yoast_head":"<!-- This site is optimized with the Yoast SEO plugin v27.4 - https:\/\/yoast.com\/product\/yoast-seo-wordpress\/ -->\n<title>Pol\u00edticas de Privacidad - AGR<\/title>\n<meta name=\"description\" content=\"M\u00e1s de 25 a\u00f1os de Experiencia en la Gesti\u00f3n de Residuos. Desde 1995 de la mano de l\u00edderes europeos en el tratamiento de residuos con PCB\" \/>\n<meta name=\"robots\" content=\"index, follow, max-snippet:-1, max-image-preview:large, max-video-preview:-1\" \/>\n<link rel=\"canonical\" href=\"https:\/\/a-g-r.es\/fr\/politicas-de-privacidad\/\" \/>\n<meta property=\"og:locale\" content=\"fr_FR\" \/>\n<meta property=\"og:type\" content=\"article\" \/>\n<meta property=\"og:title\" content=\"Pol\u00edticas de Privacidad - AGR\" \/>\n<meta property=\"og:description\" content=\"M\u00e1s de 25 a\u00f1os de Experiencia en la Gesti\u00f3n de Residuos. Desde 1995 de la mano de l\u00edderes europeos en el tratamiento de residuos con PCB\" \/>\n<meta property=\"og:url\" content=\"https:\/\/a-g-r.es\/fr\/politicas-de-privacidad\/\" \/>\n<meta property=\"og:site_name\" content=\"AGR\" \/>\n<meta property=\"article:modified_time\" content=\"2022-11-24T20:37:54+00:00\" \/>\n<meta property=\"og:image\" content=\"https:\/\/a-g-r.es\/wp-content\/uploads\/2022\/11\/imagen-destacada.jpg\" \/>\n\t<meta property=\"og:image:width\" content=\"200\" \/>\n\t<meta property=\"og:image:height\" content=\"200\" \/>\n\t<meta property=\"og:image:type\" content=\"image\/jpeg\" \/>\n<meta name=\"twitter:card\" content=\"summary_large_image\" \/>\n<meta name=\"twitter:label1\" content=\"Dur\u00e9e de lecture estim\u00e9e\" \/>\n\t<meta name=\"twitter:data1\" content=\"7 minutes\" \/>\n<script type=\"application\/ld+json\" class=\"yoast-schema-graph\">{\"@context\":\"https:\\\/\\\/schema.org\",\"@graph\":[{\"@type\":\"WebPage\",\"@id\":\"https:\\\/\\\/a-g-r.es\\\/politicas-de-privacidad\\\/\",\"url\":\"https:\\\/\\\/a-g-r.es\\\/politicas-de-privacidad\\\/\",\"name\":\"Pol\u00edticas de Privacidad - AGR\",\"isPartOf\":{\"@id\":\"https:\\\/\\\/a-g-r.es\\\/#website\"},\"primaryImageOfPage\":{\"@id\":\"https:\\\/\\\/a-g-r.es\\\/politicas-de-privacidad\\\/#primaryimage\"},\"image\":{\"@id\":\"https:\\\/\\\/a-g-r.es\\\/politicas-de-privacidad\\\/#primaryimage\"},\"thumbnailUrl\":\"https:\\\/\\\/a-g-r.es\\\/wp-content\\\/uploads\\\/2022\\\/11\\\/imagen-destacada.jpg\",\"datePublished\":\"2022-10-19T00:25:37+00:00\",\"dateModified\":\"2022-11-24T20:37:54+00:00\",\"description\":\"M\u00e1s de 25 a\u00f1os de Experiencia en la Gesti\u00f3n de Residuos. Desde 1995 de la mano de l\u00edderes europeos en el tratamiento de residuos con PCB\",\"breadcrumb\":{\"@id\":\"https:\\\/\\\/a-g-r.es\\\/politicas-de-privacidad\\\/#breadcrumb\"},\"inLanguage\":\"fr-FR\",\"potentialAction\":[{\"@type\":\"ReadAction\",\"target\":[\"https:\\\/\\\/a-g-r.es\\\/politicas-de-privacidad\\\/\"]}]},{\"@type\":\"ImageObject\",\"inLanguage\":\"fr-FR\",\"@id\":\"https:\\\/\\\/a-g-r.es\\\/politicas-de-privacidad\\\/#primaryimage\",\"url\":\"https:\\\/\\\/a-g-r.es\\\/wp-content\\\/uploads\\\/2022\\\/11\\\/imagen-destacada.jpg\",\"contentUrl\":\"https:\\\/\\\/a-g-r.es\\\/wp-content\\\/uploads\\\/2022\\\/11\\\/imagen-destacada.jpg\",\"width\":200,\"height\":200,\"caption\":\"AGR\"},{\"@type\":\"BreadcrumbList\",\"@id\":\"https:\\\/\\\/a-g-r.es\\\/politicas-de-privacidad\\\/#breadcrumb\",\"itemListElement\":[{\"@type\":\"ListItem\",\"position\":1,\"name\":\"Home\",\"item\":\"https:\\\/\\\/a-g-r.es\\\/\"},{\"@type\":\"ListItem\",\"position\":2,\"name\":\"Pol\u00edticas de Privacidad\"}]},{\"@type\":\"WebSite\",\"@id\":\"https:\\\/\\\/a-g-r.es\\\/#website\",\"url\":\"https:\\\/\\\/a-g-r.es\\\/\",\"name\":\"AGR\",\"description\":\"APROCHIM-GETESARPRYMOIL,S.A.\",\"publisher\":{\"@id\":\"https:\\\/\\\/a-g-r.es\\\/#organization\"},\"alternateName\":\"L\u00edder en Gesti\u00f3n Integral de Residuos Peligrosos con PCB\",\"potentialAction\":[{\"@type\":\"SearchAction\",\"target\":{\"@type\":\"EntryPoint\",\"urlTemplate\":\"https:\\\/\\\/a-g-r.es\\\/?s={search_term_string}\"},\"query-input\":{\"@type\":\"PropertyValueSpecification\",\"valueRequired\":true,\"valueName\":\"search_term_string\"}}],\"inLanguage\":\"fr-FR\"},{\"@type\":\"Organization\",\"@id\":\"https:\\\/\\\/a-g-r.es\\\/#organization\",\"name\":\"AGR\",\"alternateName\":\"L\u00edder en Gesti\u00f3n Integral de Residuos Peligrosos con PCB\",\"url\":\"https:\\\/\\\/a-g-r.es\\\/\",\"logo\":{\"@type\":\"ImageObject\",\"inLanguage\":\"fr-FR\",\"@id\":\"https:\\\/\\\/a-g-r.es\\\/#\\\/schema\\\/logo\\\/image\\\/\",\"url\":\"https:\\\/\\\/a-g-r.es\\\/wp-content\\\/uploads\\\/2022\\\/05\\\/logo.png\",\"contentUrl\":\"https:\\\/\\\/a-g-r.es\\\/wp-content\\\/uploads\\\/2022\\\/05\\\/logo.png\",\"width\":212,\"height\":61,\"caption\":\"AGR\"},\"image\":{\"@id\":\"https:\\\/\\\/a-g-r.es\\\/#\\\/schema\\\/logo\\\/image\\\/\"}}]}<\/script>\n<!-- \/ Yoast SEO plugin. -->","yoast_head_json":{"title":"Pol\u00edticas de Privacidad - AGR","description":"M\u00e1s de 25 a\u00f1os de Experiencia en la Gesti\u00f3n de Residuos. Desde 1995 de la mano de l\u00edderes europeos en el tratamiento de residuos con PCB","robots":{"index":"index","follow":"follow","max-snippet":"max-snippet:-1","max-image-preview":"max-image-preview:large","max-video-preview":"max-video-preview:-1"},"canonical":"https:\/\/a-g-r.es\/fr\/politicas-de-privacidad\/","og_locale":"fr_FR","og_type":"article","og_title":"Pol\u00edticas de Privacidad - AGR","og_description":"M\u00e1s de 25 a\u00f1os de Experiencia en la Gesti\u00f3n de Residuos. Desde 1995 de la mano de l\u00edderes europeos en el tratamiento de residuos con PCB","og_url":"https:\/\/a-g-r.es\/fr\/politicas-de-privacidad\/","og_site_name":"AGR","article_modified_time":"2022-11-24T20:37:54+00:00","og_image":[{"width":200,"height":200,"url":"https:\/\/a-g-r.es\/wp-content\/uploads\/2022\/11\/imagen-destacada.jpg","type":"image\/jpeg"}],"twitter_card":"summary_large_image","twitter_misc":{"Dur\u00e9e de lecture estim\u00e9e":"7 minutes"},"schema":{"@context":"https:\/\/schema.org","@graph":[{"@type":"WebPage","@id":"https:\/\/a-g-r.es\/politicas-de-privacidad\/","url":"https:\/\/a-g-r.es\/politicas-de-privacidad\/","name":"Pol\u00edticas de Privacidad - AGR","isPartOf":{"@id":"https:\/\/a-g-r.es\/#website"},"primaryImageOfPage":{"@id":"https:\/\/a-g-r.es\/politicas-de-privacidad\/#primaryimage"},"image":{"@id":"https:\/\/a-g-r.es\/politicas-de-privacidad\/#primaryimage"},"thumbnailUrl":"https:\/\/a-g-r.es\/wp-content\/uploads\/2022\/11\/imagen-destacada.jpg","datePublished":"2022-10-19T00:25:37+00:00","dateModified":"2022-11-24T20:37:54+00:00","description":"M\u00e1s de 25 a\u00f1os de Experiencia en la Gesti\u00f3n de Residuos. Desde 1995 de la mano de l\u00edderes europeos en el tratamiento de residuos con PCB","breadcrumb":{"@id":"https:\/\/a-g-r.es\/politicas-de-privacidad\/#breadcrumb"},"inLanguage":"fr-FR","potentialAction":[{"@type":"ReadAction","target":["https:\/\/a-g-r.es\/politicas-de-privacidad\/"]}]},{"@type":"ImageObject","inLanguage":"fr-FR","@id":"https:\/\/a-g-r.es\/politicas-de-privacidad\/#primaryimage","url":"https:\/\/a-g-r.es\/wp-content\/uploads\/2022\/11\/imagen-destacada.jpg","contentUrl":"https:\/\/a-g-r.es\/wp-content\/uploads\/2022\/11\/imagen-destacada.jpg","width":200,"height":200,"caption":"AGR"},{"@type":"BreadcrumbList","@id":"https:\/\/a-g-r.es\/politicas-de-privacidad\/#breadcrumb","itemListElement":[{"@type":"ListItem","position":1,"name":"Home","item":"https:\/\/a-g-r.es\/"},{"@type":"ListItem","position":2,"name":"Pol\u00edticas de Privacidad"}]},{"@type":"WebSite","@id":"https:\/\/a-g-r.es\/#website","url":"https:\/\/a-g-r.es\/","name":"AGR","description":"APROCHIM-GETESARPRYMOIL,S.A.","publisher":{"@id":"https:\/\/a-g-r.es\/#organization"},"alternateName":"L\u00edder en Gesti\u00f3n Integral de Residuos Peligrosos con PCB","potentialAction":[{"@type":"SearchAction","target":{"@type":"EntryPoint","urlTemplate":"https:\/\/a-g-r.es\/?s={search_term_string}"},"query-input":{"@type":"PropertyValueSpecification","valueRequired":true,"valueName":"search_term_string"}}],"inLanguage":"fr-FR"},{"@type":"Organization","@id":"https:\/\/a-g-r.es\/#organization","name":"AGR","alternateName":"L\u00edder en Gesti\u00f3n Integral de Residuos Peligrosos con PCB","url":"https:\/\/a-g-r.es\/","logo":{"@type":"ImageObject","inLanguage":"fr-FR","@id":"https:\/\/a-g-r.es\/#\/schema\/logo\/image\/","url":"https:\/\/a-g-r.es\/wp-content\/uploads\/2022\/05\/logo.png","contentUrl":"https:\/\/a-g-r.es\/wp-content\/uploads\/2022\/05\/logo.png","width":212,"height":61,"caption":"AGR"},"image":{"@id":"https:\/\/a-g-r.es\/#\/schema\/logo\/image\/"}}]}},"_links":{"self":[{"href":"https:\/\/a-g-r.es\/fr\/wp-json\/wp\/v2\/pages\/1170","targetHints":{"allow":["GET"]}}],"collection":[{"href":"https:\/\/a-g-r.es\/fr\/wp-json\/wp\/v2\/pages"}],"about":[{"href":"https:\/\/a-g-r.es\/fr\/wp-json\/wp\/v2\/types\/page"}],"author":[{"embeddable":true,"href":"https:\/\/a-g-r.es\/fr\/wp-json\/wp\/v2\/users\/3"}],"replies":[{"embeddable":true,"href":"https:\/\/a-g-r.es\/fr\/wp-json\/wp\/v2\/comments?post=1170"}],"version-history":[{"count":17,"href":"https:\/\/a-g-r.es\/fr\/wp-json\/wp\/v2\/pages\/1170\/revisions"}],"predecessor-version":[{"id":1243,"href":"https:\/\/a-g-r.es\/fr\/wp-json\/wp\/v2\/pages\/1170\/revisions\/1243"}],"wp:featuredmedia":[{"embeddable":true,"href":"https:\/\/a-g-r.es\/fr\/wp-json\/wp\/v2\/media\/1225"}],"wp:attachment":[{"href":"https:\/\/a-g-r.es\/fr\/wp-json\/wp\/v2\/media?parent=1170"}],"curies":[{"name":"wp","href":"https:\/\/api.w.org\/{rel}","templated":true}]}}